{"id":604,"date":"2019-07-10T09:22:39","date_gmt":"2019-07-10T07:22:39","guid":{"rendered":"http:\/\/crimar.net\/rotulacion\/laminas-solares\/"},"modified":"2019-10-25T11:02:11","modified_gmt":"2019-10-25T09:02:11","slug":"laminas-solares","status":"publish","type":"page","link":"https:\/\/crimar.net\/es\/servicios\/rotulacion\/laminas-solares\/","title":{"rendered":"L\u00e1minas Solares"},"content":{"rendered":"\t\t<div data-elementor-type=\"wp-page\" data-elementor-id=\"604\" class=\"elementor elementor-604 elementor-548\">\n\t\t\t\t\t\t<div class=\"elementor-inner\">\n\t\t\t\t<div class=\"elementor-section-wrap\">\n\t\t\t\t\t\t\t\t\t<section class=\"elementor-section elementor-top-section elementor-element elementor-element-0fce763 elementor-section-boxed elementor-section-height-default elementor-section-height-default\" data-id=\"0fce763\" data-element_type=\"section\" data-settings=\"{&quot;jet_parallax_layout_list&quot;:[{&quot;jet_parallax_layout_image&quot;:{&quot;url&quot;:&quot;&quot;,&quot;id&quot;:&quot;&quot;,&quot;size&quot;:&quot;&quot;},&quot;_id&quot;:&quot;2f7b3b4&quot;,&quot;jet_parallax_layout_image_tablet&quot;:{&quot;url&quot;:&quot;&quot;,&quot;id&quot;:&quot;&quot;,&quot;size&quot;:&quot;&quot;},&quot;jet_parallax_layout_image_mobile&quot;:{&quot;url&quot;:&quot;&quot;,&quot;id&quot;:&quot;&quot;,&quot;size&quot;:&quot;&quot;},&quot;jet_parallax_layout_speed&quot;:{&quot;unit&quot;:&quot;%&quot;,&quot;size&quot;:50,&quot;sizes&quot;:[]},&quot;jet_parallax_layout_type&quot;:&quot;scroll&quot;,&quot;jet_parallax_layout_z_index&quot;:&quot;&quot;,&quot;jet_parallax_layout_bg_x&quot;:50,&quot;jet_parallax_layout_bg_y&quot;:50,&quot;jet_parallax_layout_bg_size&quot;:&quot;auto&quot;,&quot;jet_parallax_layout_animation_prop&quot;:&quot;transform&quot;,&quot;jet_parallax_layout_on&quot;:[&quot;desktop&quot;,&quot;tablet&quot;],&quot;jet_parallax_layout_direction&quot;:null,&quot;jet_parallax_layout_fx_direction&quot;:null,&quot;jet_parallax_layout_bg_x_tablet&quot;:&quot;&quot;,&quot;jet_parallax_layout_bg_x_mobile&quot;:&quot;&quot;,&quot;jet_parallax_layout_bg_y_tablet&quot;:&quot;&quot;,&quot;jet_parallax_layout_bg_y_mobile&quot;:&quot;&quot;,&quot;jet_parallax_layout_bg_size_tablet&quot;:&quot;&quot;,&quot;jet_parallax_layout_bg_size_mobile&quot;:&quot;&quot;}]}\">\n\t\t\t\t\t\t<div class=\"elementor-container elementor-column-gap-default\">\n\t\t\t\t\t\t\t<div class=\"elementor-row\">\n\t\t\t\t\t<div class=\"elementor-column elementor-col-100 elementor-top-column elementor-element elementor-element-60f4c88\" data-id=\"60f4c88\" data-element_type=\"column\">\n\t\t\t<div class=\"elementor-column-wrap elementor-element-populated\">\n\t\t\t\t\t\t\t<div class=\"elementor-widget-wrap\">\n\t\t\t\t\t\t<div class=\"elementor-element elementor-element-d73c633 elementor-widget elementor-widget-heading\" data-id=\"d73c633\" data-element_type=\"widget\" data-widget_type=\"heading.default\">\n\t\t\t\t<div class=\"elementor-widget-container\">\n\t\t\t<h2 class=\"elementor-heading-title elementor-size-default\">Protecci\u00f3n y seguridad para Vidrieras<\/h2>\t\t<\/div>\n\t\t\t\t<\/div>\n\t\t\t\t<div class=\"elementor-element elementor-element-15f0274 elementor-widget elementor-widget-text-editor\" data-id=\"15f0274\" data-element_type=\"widget\" data-widget_type=\"text-editor.default\">\n\t\t\t\t<div class=\"elementor-widget-container\">\n\t\t\t\t\t\t\t\t<div class=\"elementor-text-editor elementor-clearfix\">\n\t\t\t\t<p>Las <strong>laminas solares<\/strong> aportan una capa de protecci\u00f3n que filtra los rayos solares y evita el calentamiento interior, consiguiendo una gran<strong> eficiencia energ\u00e9tica<\/strong>. La incidencia de los rayos ultra violeta se reduce hasta un 90% evitando que el material de los expositores pueda perder color con el paso del tiempo.<\/p>\n<p>Las vidrieras protegidas con l\u00e1minas, incrementan la seguridad de su negocio contra golpes y actos vand\u00e1licos, previniendo que los cristales puedan saltar.<\/p>\n\t\t\t\t\t<\/div>\n\t\t\t\t\t\t<\/div>\n\t\t\t\t<\/div>\n\t\t\t\t<div class=\"elementor-element elementor-element-d6b8da6 elementor-widget elementor-widget-heading\" data-id=\"d6b8da6\" data-element_type=\"widget\" data-widget_type=\"heading.default\">\n\t\t\t\t<div class=\"elementor-widget-container\">\n\t\t\t<h2 class=\"elementor-heading-title elementor-size-default\">Laminas solares para Veh\u00edculos<\/h2>\t\t<\/div>\n\t\t\t\t<\/div>\n\t\t\t\t<div class=\"elementor-element elementor-element-d83a80f elementor-widget elementor-widget-text-editor\" data-id=\"d83a80f\" data-element_type=\"widget\" data-widget_type=\"text-editor.default\">\n\t\t\t\t<div class=\"elementor-widget-container\">\n\t\t\t\t\t\t\t\t<div class=\"elementor-text-editor elementor-clearfix\">\n\t\t\t\t<p>La Instalaci\u00f3n de <strong>l\u00e1minas solares para veh\u00edculos<\/strong>, garantizan una gran privacidad evitando que pueda ser visible el contenido del veh\u00edculo. Las filtraciones de los rayos solares el consumo de combustible.<\/p>\n<p>Las l\u00e1minas contribuyen a reforzar la seguridad de los cristales del veh\u00edculo, evitando que en caso de colisi\u00f3n o impacto, puedan fragmentarse y separarse.<\/p>\n\t\t\t\t\t<\/div>\n\t\t\t\t\t\t<\/div>\n\t\t\t\t<\/div>\n\t\t\t\t<div class=\"elementor-element elementor-element-e7a9ab8 elementor-icon-list--layout-traditional elementor-list-item-link-full_width elementor-widget elementor-widget-icon-list\" data-id=\"e7a9ab8\" data-element_type=\"widget\" data-widget_type=\"icon-list.default\">\n\t\t\t\t<div class=\"elementor-widget-container\">\n\t\t\t\t\t<ul class=\"elementor-icon-list-items\">\n\t\t\t\t\t\t\t<li class=\"elementor-icon-list-item\">\n\t\t\t\t\t\t\t\t\t\t\t<span class=\"elementor-icon-list-icon\">\n\t\t\t\t\t\t\t<i aria-hidden=\"true\" class=\"fas fa-check\"><\/i>\t\t\t\t\t\t<\/span>\n\t\t\t\t\t\t\t\t\t\t<span class=\"elementor-icon-list-text\">Filtro rayos ultra violeta<\/span>\n\t\t\t\t\t\t\t\t\t<\/li>\n\t\t\t\t\t\t\t\t<li class=\"elementor-icon-list-item\">\n\t\t\t\t\t\t\t\t\t\t\t<span class=\"elementor-icon-list-icon\">\n\t\t\t\t\t\t\t<i aria-hidden=\"true\" class=\"fas fa-check\"><\/i>\t\t\t\t\t\t<\/span>\n\t\t\t\t\t\t\t\t\t\t<span class=\"elementor-icon-list-text\">Eficiencia energ\u00e9tica<\/span>\n\t\t\t\t\t\t\t\t\t<\/li>\n\t\t\t\t\t\t\t\t<li class=\"elementor-icon-list-item\">\n\t\t\t\t\t\t\t\t\t\t\t<span class=\"elementor-icon-list-icon\">\n\t\t\t\t\t\t\t<i aria-hidden=\"true\" class=\"fas fa-check\"><\/i>\t\t\t\t\t\t<\/span>\n\t\t\t\t\t\t\t\t\t\t<span class=\"elementor-icon-list-text\">Seguridad<\/span>\n\t\t\t\t\t\t\t\t\t<\/li>\n\t\t\t\t\t\t<\/ul>\n\t\t\t\t<\/div>\n\t\t\t\t<\/div>\n\t\t\t\t\t\t<\/div>\n\t\t\t\t\t<\/div>\n\t\t<\/div>\n\t\t\t\t\t\t\t\t<\/div>\n\t\t\t\t\t<\/div>\n\t\t<\/section>\n\t\t\t\t\t\t\t\t\t<\/div>\n\t\t\t<\/div>\n\t\t\t\t\t<\/div>\n\t\t","protected":false},"excerpt":{"rendered":"<p>Protecci\u00f3n y seguridad para Vidrieras Las laminas solares aportan una capa de protecci\u00f3n que filtra los rayos solares y evita el calentamiento interior, consiguiendo una gran eficiencia energ\u00e9tica. La incidencia de los rayos ultra violeta se reduce hasta un 90% evitando que el material de los expositores pueda perder color con el paso del tiempo. [&hellip;]<\/p>\n","protected":false},"author":1,"featured_media":0,"parent":591,"menu_order":0,"comment_status":"closed","ping_status":"closed","template":"","meta":{"footnotes":""},"class_list":["post-604","page","type-page","status-publish","hentry"],"acf":[],"yoast_head":"<!-- This site is optimized with the Yoast SEO plugin v20.3 - https:\/\/yoast.com\/wordpress\/plugins\/seo\/ -->\n<title>L\u00e1minas Solares - Crimar Retolaci\u00f3 Terrassa - Fabricaci\u00f3 de r\u00e8tols<\/title>\n<meta name=\"description\" content=\"Instalaci\u00f3n de l\u00e1minas solares para escaparates, vidrieras y vehiculos, filtra los rayos UV protegiendo sus productos logrando un gran ahorro energ\u00e9tico.\" \/>\n<meta name=\"robots\" content=\"index, follow, max-snippet:-1, max-image-preview:large, max-video-preview:-1\" \/>\n<link rel=\"canonical\" href=\"https:\/\/crimar.net\/es\/servicios\/rotulacion\/laminas-solares\/\" \/>\n<meta property=\"og:locale\" content=\"es_ES\" \/>\n<meta property=\"og:type\" content=\"article\" \/>\n<meta property=\"og:title\" content=\"L\u00e1minas Solares - Crimar Retolaci\u00f3 Terrassa - Fabricaci\u00f3 de r\u00e8tols\" \/>\n<meta property=\"og:description\" content=\"Instalaci\u00f3n de l\u00e1minas solares para escaparates, vidrieras y vehiculos, filtra los rayos UV protegiendo sus productos logrando un gran ahorro energ\u00e9tico.\" \/>\n<meta property=\"og:url\" content=\"https:\/\/crimar.net\/es\/servicios\/rotulacion\/laminas-solares\/\" \/>\n<meta property=\"og:site_name\" content=\"Crimar Retolaci\u00f3 Terrassa - Fabricaci\u00f3 de r\u00e8tols\" \/>\n<meta property=\"article:publisher\" content=\"https:\/\/www.facebook.com\/Retolacio\/\" \/>\n<meta property=\"article:modified_time\" content=\"2019-10-25T09:02:11+00:00\" \/>\n<meta name=\"twitter:card\" content=\"summary_large_image\" \/>\n<meta name=\"twitter:label1\" content=\"Tiempo de lectura\" \/>\n\t<meta name=\"twitter:data1\" content=\"1 minuto\" \/>\n<!-- \/ Yoast SEO plugin. -->","yoast_head_json":{"title":"L\u00e1minas Solares - Crimar Retolaci\u00f3 Terrassa - Fabricaci\u00f3 de r\u00e8tols","description":"Instalaci\u00f3n de l\u00e1minas solares para escaparates, vidrieras y vehiculos, filtra los rayos UV protegiendo sus productos logrando un gran ahorro energ\u00e9tico.","robots":{"index":"index","follow":"follow","max-snippet":"max-snippet:-1","max-image-preview":"max-image-preview:large","max-video-preview":"max-video-preview:-1"},"canonical":"https:\/\/crimar.net\/es\/servicios\/rotulacion\/laminas-solares\/","og_locale":"es_ES","og_type":"article","og_title":"L\u00e1minas Solares - Crimar Retolaci\u00f3 Terrassa - Fabricaci\u00f3 de r\u00e8tols","og_description":"Instalaci\u00f3n de l\u00e1minas solares para escaparates, vidrieras y vehiculos, filtra los rayos UV protegiendo sus productos logrando un gran ahorro energ\u00e9tico.","og_url":"https:\/\/crimar.net\/es\/servicios\/rotulacion\/laminas-solares\/","og_site_name":"Crimar Retolaci\u00f3 Terrassa - Fabricaci\u00f3 de r\u00e8tols","article_publisher":"https:\/\/www.facebook.com\/Retolacio\/","article_modified_time":"2019-10-25T09:02:11+00:00","twitter_card":"summary_large_image","twitter_misc":{"Tiempo de lectura":"1 minuto"},"schema":{"@context":"https:\/\/schema.org","@graph":[{"@type":"WebPage","@id":"https:\/\/crimar.net\/es\/servicios\/rotulacion\/laminas-solares\/","url":"https:\/\/crimar.net\/es\/servicios\/rotulacion\/laminas-solares\/","name":"L\u00e1minas Solares - Crimar Retolaci\u00f3 Terrassa - Fabricaci\u00f3 de r\u00e8tols","isPartOf":{"@id":"https:\/\/crimar.net\/es\/#website"},"datePublished":"2019-07-10T07:22:39+00:00","dateModified":"2019-10-25T09:02:11+00:00","description":"Instalaci\u00f3n de l\u00e1minas solares para escaparates, vidrieras y vehiculos, filtra los rayos UV protegiendo sus productos logrando un gran ahorro energ\u00e9tico.","breadcrumb":{"@id":"https:\/\/crimar.net\/es\/servicios\/rotulacion\/laminas-solares\/#breadcrumb"},"inLanguage":"es","potentialAction":[{"@type":"ReadAction","target":["https:\/\/crimar.net\/es\/servicios\/rotulacion\/laminas-solares\/"]}]},{"@type":"BreadcrumbList","@id":"https:\/\/crimar.net\/es\/servicios\/rotulacion\/laminas-solares\/#breadcrumb","itemListElement":[{"@type":"ListItem","position":1,"name":"Inici","item":"https:\/\/crimar.net\/es\/"},{"@type":"ListItem","position":2,"name":"Servicios","item":"https:\/\/crimar.net\/es\/servicios\/"},{"@type":"ListItem","position":3,"name":"Rotulaci\u00f3n","item":"https:\/\/crimar.net\/es\/servicios\/rotulacion\/"},{"@type":"ListItem","position":4,"name":"L\u00e1minas Solares"}]},{"@type":"WebSite","@id":"https:\/\/crimar.net\/es\/#website","url":"https:\/\/crimar.net\/es\/","name":"Crimar Retolaci\u00f3 Terrassa - Fabricaci\u00f3 de r\u00e8tols","description":"Tot en retolaci\u00f3, vinils i expositors.","publisher":{"@id":"https:\/\/crimar.net\/es\/#organization"},"potentialAction":[{"@type":"SearchAction","target":{"@type":"EntryPoint","urlTemplate":"https:\/\/crimar.net\/es\/?s={search_term_string}"},"query-input":"required name=search_term_string"}],"inLanguage":"es"},{"@type":"Organization","@id":"https:\/\/crimar.net\/es\/#organization","name":"Crimar Retolaci\u00f3","url":"https:\/\/crimar.net\/es\/","logo":{"@type":"ImageObject","inLanguage":"es","@id":"https:\/\/crimar.net\/es\/#\/schema\/logo\/image\/","url":"http:\/\/crimar.net\/wp-content\/uploads\/2019\/07\/logo-crimar.png","contentUrl":"http:\/\/crimar.net\/wp-content\/uploads\/2019\/07\/logo-crimar.png","width":512,"height":512,"caption":"Crimar Retolaci\u00f3"},"image":{"@id":"https:\/\/crimar.net\/es\/#\/schema\/logo\/image\/"},"sameAs":["https:\/\/www.facebook.com\/Retolacio\/","https:\/\/www.instagram.com\/crimar_retolacio\/"]}]}},"_links":{"self":[{"href":"https:\/\/crimar.net\/es\/wp-json\/wp\/v2\/pages\/604"}],"collection":[{"href":"https:\/\/crimar.net\/es\/wp-json\/wp\/v2\/pages"}],"about":[{"href":"https:\/\/crimar.net\/es\/wp-json\/wp\/v2\/types\/page"}],"author":[{"embeddable":true,"href":"https:\/\/crimar.net\/es\/wp-json\/wp\/v2\/users\/1"}],"replies":[{"embeddable":true,"href":"https:\/\/crimar.net\/es\/wp-json\/wp\/v2\/comments?post=604"}],"version-history":[{"count":3,"href":"https:\/\/crimar.net\/es\/wp-json\/wp\/v2\/pages\/604\/revisions"}],"predecessor-version":[{"id":1829,"href":"https:\/\/crimar.net\/es\/wp-json\/wp\/v2\/pages\/604\/revisions\/1829"}],"up":[{"embeddable":true,"href":"https:\/\/crimar.net\/es\/wp-json\/wp\/v2\/pages\/591"}],"wp:attachment":[{"href":"https:\/\/crimar.net\/es\/wp-json\/wp\/v2\/media?parent=604"}],"curies":[{"name":"wp","href":"https:\/\/api.w.org\/{rel}","templated":true}]}}